{"id":1454,"date":"2024-10-19T09:50:26","date_gmt":"2024-10-19T09:50:26","guid":{"rendered":"https:\/\/topgreen-mallorca.es\/pie-de-imprenta\/"},"modified":"2025-06-18T05:08:29","modified_gmt":"2025-06-18T05:08:29","slug":"pie-de-imprenta","status":"publish","type":"page","link":"https:\/\/topgreen-mallorca.es\/es\/pie-de-imprenta\/","title":{"rendered":"Pie de imprenta"},"content":{"rendered":"\t\t<div data-elementor-type=\"wp-page\" data-elementor-id=\"1454\" class=\"elementor elementor-1454 elementor-771\" data-elementor-post-type=\"page\">\n\t\t\t\t<div class=\"elementor-element elementor-element-2dbee3d e-con-full e-flex elementor-invisible e-con e-parent\" data-id=\"2dbee3d\" data-element_type=\"container\" data-settings=\"{&quot;background_background&quot;:&quot;classic&quot;,&quot;animation&quot;:&quot;fadeIn&quot;}\">\n\t\t\t\t<div class=\"elementor-element elementor-element-60d8bf0 animated-slow elementor-invisible elementor-widget elementor-widget-heading\" data-id=\"60d8bf0\" data-element_type=\"widget\" data-settings=\"{&quot;_animation&quot;:&quot;fadeInUp&quot;}\" data-widget_type=\"heading.default\">\n\t\t\t\t<div class=\"elementor-widget-container\">\n\t\t\t\t\t<h1 class=\"elementor-heading-title elementor-size-default\">Pie de imprenta<\/h1>\t\t\t\t<\/div>\n\t\t\t\t<\/div>\n\t\t\t\t<\/div>\n\t\t<div class=\"elementor-element elementor-element-1f8671e e-flex e-con-boxed e-con e-parent\" data-id=\"1f8671e\" data-element_type=\"container\">\n\t\t\t\t\t<div class=\"e-con-inner\">\n\t\t\t\t<div class=\"elementor-element elementor-element-1011091 elementor-widget elementor-widget-text-editor\" data-id=\"1011091\" data-element_type=\"widget\" data-widget_type=\"text-editor.default\">\n\t\t\t\t<div class=\"elementor-widget-container\">\n\t\t\t\t\t\t\t\t\t<h1>Pie de imprenta<\/h1><p>Top Green Kunstrasen Profi S.L<br \/>El C\u00edrculo &#8211; Carrer Illes Can\u00e0ries 18 07183 Santa Pon\u00e7a<\/p><p>Islas Baleares<\/p><p>R<strong>epresentado por:<\/strong> Patrick Jonas<\/p><h2>Contacta con nosotros<\/h2><p>Tel\u00e9fono: +34 722 42 51 99<br \/>Correo electr\u00f3nico: info@topgreen-mallorca.es<\/p><h2>N\u00famero de identificaci\u00f3n fiscal<\/h2><p>B19432681<\/p><h2>Resoluci\u00f3n de litigios en la UE<\/h2><p>La Comisi\u00f3n Europea ofrece una plataforma para la resoluci\u00f3n de litigios en l\u00ednea (OS): <a href=\"https:\/\/ec.europa.eu\/consumers\/odr\/\" target=\"_blank\" rel=\"noopener noreferrer\">https:\/\/ec.europa.eu\/consumers\/odr\/.<\/a><br \/>Puedes encontrar nuestra direcci\u00f3n de correo electr\u00f3nico en el aviso legal anterior.<\/p><h2>Resoluci\u00f3n de litigios de consumo\/centro de arbitraje universal<\/h2><p>No estamos dispuestos ni obligados a participar en procedimientos de resoluci\u00f3n de litigios ante una junta de arbitraje de consumo.<\/p><h1><img decoding=\"async\" src=\"https:\/\/topgreen-mallorca.es\/wp-content\/uploads\/2024\/10\/erecht24-siegel-impressum-rot.png\" alt=\"erecht24-sello-impreso-rojo\" width=\"120\" height=\"156\" \/><\/h1>\t\t\t\t\t\t\t\t<\/div>\n\t\t\t\t<\/div>\n\t\t\t\t\t<\/div>\n\t\t\t\t<\/div>\n\t\t<div class=\"elementor-element elementor-element-32621cd e-flex e-con-boxed e-con e-parent\" data-id=\"32621cd\" data-element_type=\"container\" data-settings=\"{&quot;background_background&quot;:&quot;classic&quot;}\">\n\t\t\t\t\t<div class=\"e-con-inner\">\n\t\t\t\t<div class=\"elementor-element elementor-element-3878391 elementor-widget elementor-widget-text-editor\" data-id=\"3878391\" data-element_type=\"widget\" data-widget_type=\"text-editor.default\">\n\t\t\t\t<div class=\"elementor-widget-container\">\n\t\t\t\t\t\t\t\t\t<p>Ponte en contacto con nosotros hoy mismo para una consulta sin compromiso y experimenta las ventajas del c\u00e9sped artificial de la mano de un profesional en Miami.<\/p>\n\t\t\t\t\t\t\t\t<\/div>\n\t\t\t\t<\/div>\n\t\t\t\t<div class=\"elementor-element elementor-element-9410fd3 elementor-align-center elementor-invisible elementor-widget elementor-widget-button\" data-id=\"9410fd3\" data-element_type=\"widget\" data-settings=\"{&quot;_animation&quot;:&quot;fadeIn&quot;}\" data-widget_type=\"button.default\">\n\t\t\t\t<div class=\"elementor-widget-container\">\n\t\t\t\t\t\t\t\t\t<div class=\"elementor-button-wrapper\">\n\t\t\t\t\t<a class=\"elementor-button elementor-button-link elementor-size-lg elementor-animation-grow\" href=\"https:\/\/topgreen-mallorca.es\/es\/contacta-con-nosotros\/\">\n\t\t\t\t\t\t<span class=\"elementor-button-content-wrapper\">\n\t\t\t\t\t\t\t\t\t<span class=\"elementor-button-text\">Contacto &gt;<\/span>\n\t\t\t\t\t<\/span>\n\t\t\t\t\t<\/a>\n\t\t\t\t<\/div>\n\t\t\t\t\t\t\t\t<\/div>\n\t\t\t\t<\/div>\n\t\t\t\t\t<\/div>\n\t\t\t\t<\/div>\n\t\t\t\t<\/div>\n\t\t","protected":false},"excerpt":{"rendered":"<p>Pie de imprenta Pie de imprenta Top Green Kunstrasen Profi S.LEl C\u00edrculo &#8211; Carrer Illes Can\u00e0ries 18 07183 Santa Pon\u00e7a [&hellip;]<\/p>\n","protected":false},"author":1,"featured_media":0,"parent":0,"menu_order":0,"comment_status":"closed","ping_status":"closed","template":"elementor_header_footer","meta":{"site-sidebar-layout":"no-sidebar","site-content-layout":"","ast-site-content-layout":"full-width-container","site-content-style":"default","site-sidebar-style":"default","ast-global-header-display":"","ast-banner-title-visibility":"","ast-main-header-display":"","ast-hfb-above-header-display":"","ast-hfb-below-header-display":"","ast-hfb-mobile-header-display":"","site-post-title":"disabled","ast-breadcrumbs-content":"","ast-featured-img":"disabled","footer-sml-layout":"","theme-transparent-header-meta":"","adv-header-id-meta":"","stick-header-meta":"","header-above-stick-meta":"","header-main-stick-meta":"","header-below-stick-meta":"","astra-migrate-meta-layouts":"default","ast-page-background-enabled":"default","ast-page-background-meta":{"desktop":{"background-color":"var(--ast-global-color-4)","background-image":"","background-repeat":"repeat","background-position":"center center","background-size":"auto","background-attachment":"scroll","background-type":"","background-media":"","overlay-type":"","overlay-color":"","overlay-opacity":"","overlay-gradient":""},"tablet":{"background-color":"","background-image":"","background-repeat":"repeat","background-position":"center center","background-size":"auto","background-attachment":"scroll","background-type":"","background-media":"","overlay-type":"","overlay-color":"","overlay-opacity":"","overlay-gradient":""},"mobile":{"background-color":"","background-image":"","background-repeat":"repeat","background-position":"center center","background-size":"auto","background-attachment":"scroll","background-type":"","background-media":"","overlay-type":"","overlay-color":"","overlay-opacity":"","overlay-gradient":""}},"ast-content-background-meta":{"desktop":{"background-color":"var(--ast-global-color-5)","background-image":"","background-repeat":"repeat","background-position":"center center","background-size":"auto","background-attachment":"scroll","background-type":"","background-media":"","overlay-type":"","overlay-color":"","overlay-opacity":"","overlay-gradient":""},"tablet":{"background-color":"var(--ast-global-color-5)","background-image":"","background-repeat":"repeat","background-position":"center center","background-size":"auto","background-attachment":"scroll","background-type":"","background-media":"","overlay-type":"","overlay-color":"","overlay-opacity":"","overlay-gradient":""},"mobile":{"background-color":"var(--ast-global-color-5)","background-image":"","background-repeat":"repeat","background-position":"center center","background-size":"auto","background-attachment":"scroll","background-type":"","background-media":"","overlay-type":"","overlay-color":"","overlay-opacity":"","overlay-gradient":""}},"footnotes":""},"class_list":["post-1454","page","type-page","status-publish","hentry"],"yoast_head":"<!-- This site is optimized with the Yoast SEO plugin v26.0 - https:\/\/yoast.com\/wordpress\/plugins\/seo\/ -->\n<title>Pie de imprenta | Top Green Mallorca Kunstrasenprofi<\/title>\n<meta name=\"description\" content=\"Royal Grass\u00ae Aura es un c\u00e9sped artificial corto de aspecto denso | Se siente incre\u00edblemente suave al mismo tiempo | \u00a1Cons\u00faltalo ahora!\" \/>\n<meta name=\"robots\" content=\"noindex, follow\" \/>\n<meta property=\"og:locale\" content=\"es_ES\" \/>\n<meta property=\"og:type\" content=\"article\" \/>\n<meta property=\"og:title\" content=\"Pie de imprenta | Top Green Mallorca Kunstrasenprofi\" \/>\n<meta property=\"og:description\" content=\"Royal Grass\u00ae Aura es un c\u00e9sped artificial corto de aspecto denso | Se siente incre\u00edblemente suave al mismo tiempo | \u00a1Cons\u00faltalo ahora!\" \/>\n<meta property=\"og:url\" content=\"https:\/\/topgreen-mallorca.es\/es\/pie-de-imprenta\/\" \/>\n<meta property=\"og:site_name\" content=\"Top Green Mallorca Kunstrasenprofi\" \/>\n<meta property=\"article:publisher\" content=\"https:\/\/www.facebook.com\/profile.php?id=61564644189398\" \/>\n<meta property=\"article:modified_time\" content=\"2025-06-18T05:08:29+00:00\" \/>\n<meta property=\"og:image\" content=\"https:\/\/topgreen-mallorca.es\/wp-content\/uploads\/2024\/10\/erecht24-siegel-impressum-rot.png\" \/>\n<meta name=\"twitter:card\" content=\"summary_large_image\" \/>\n<meta name=\"twitter:label1\" content=\"Tiempo de lectura\" \/>\n\t<meta name=\"twitter:data1\" content=\"1 minuto\" \/>\n<script type=\"application\/ld+json\" class=\"yoast-schema-graph\">{\"@context\":\"https:\/\/schema.org\",\"@graph\":[{\"@type\":\"WebPage\",\"@id\":\"https:\/\/topgreen-mallorca.es\/es\/pie-de-imprenta\/\",\"url\":\"https:\/\/topgreen-mallorca.es\/es\/pie-de-imprenta\/\",\"name\":\"Pie de imprenta | Top Green Mallorca Kunstrasenprofi\",\"isPartOf\":{\"@id\":\"https:\/\/topgreen-mallorca.es\/es\/#website\"},\"primaryImageOfPage\":{\"@id\":\"https:\/\/topgreen-mallorca.es\/es\/pie-de-imprenta\/#primaryimage\"},\"image\":{\"@id\":\"https:\/\/topgreen-mallorca.es\/es\/pie-de-imprenta\/#primaryimage\"},\"thumbnailUrl\":\"https:\/\/topgreen-mallorca.es\/wp-content\/uploads\/2024\/10\/erecht24-siegel-impressum-rot.png\",\"datePublished\":\"2024-10-19T09:50:26+00:00\",\"dateModified\":\"2025-06-18T05:08:29+00:00\",\"description\":\"Royal Grass\u00ae Aura es un c\u00e9sped artificial corto de aspecto denso | Se siente incre\u00edblemente suave al mismo tiempo | \u00a1Cons\u00faltalo ahora!\",\"breadcrumb\":{\"@id\":\"https:\/\/topgreen-mallorca.es\/es\/pie-de-imprenta\/#breadcrumb\"},\"inLanguage\":\"es\",\"potentialAction\":[{\"@type\":\"ReadAction\",\"target\":[\"https:\/\/topgreen-mallorca.es\/es\/pie-de-imprenta\/\"]}]},{\"@type\":\"ImageObject\",\"inLanguage\":\"es\",\"@id\":\"https:\/\/topgreen-mallorca.es\/es\/pie-de-imprenta\/#primaryimage\",\"url\":\"https:\/\/topgreen-mallorca.es\/wp-content\/uploads\/2024\/10\/erecht24-siegel-impressum-rot.png\",\"contentUrl\":\"https:\/\/topgreen-mallorca.es\/wp-content\/uploads\/2024\/10\/erecht24-siegel-impressum-rot.png\"},{\"@type\":\"BreadcrumbList\",\"@id\":\"https:\/\/topgreen-mallorca.es\/es\/pie-de-imprenta\/#breadcrumb\",\"itemListElement\":[{\"@type\":\"ListItem\",\"position\":1,\"name\":\"Startseite\",\"item\":\"https:\/\/topgreen-mallorca.es\/es\/\"},{\"@type\":\"ListItem\",\"position\":2,\"name\":\"Pie de imprenta\"}]},{\"@type\":\"WebSite\",\"@id\":\"https:\/\/topgreen-mallorca.es\/es\/#website\",\"url\":\"https:\/\/topgreen-mallorca.es\/es\/\",\"name\":\"Top Green Mallorca Kunstrasenprofi\",\"description\":\"Ihr Profi f\u00fcr immergr\u00fcnen Rasen\",\"publisher\":{\"@id\":\"https:\/\/topgreen-mallorca.es\/es\/#organization\"},\"potentialAction\":[{\"@type\":\"SearchAction\",\"target\":{\"@type\":\"EntryPoint\",\"urlTemplate\":\"https:\/\/topgreen-mallorca.es\/es\/?s={search_term_string}\"},\"query-input\":{\"@type\":\"PropertyValueSpecification\",\"valueRequired\":true,\"valueName\":\"search_term_string\"}}],\"inLanguage\":\"es\"},{\"@type\":\"Organization\",\"@id\":\"https:\/\/topgreen-mallorca.es\/es\/#organization\",\"name\":\"Top Green Mallorca Kunstrasenprofi\",\"url\":\"https:\/\/topgreen-mallorca.es\/es\/\",\"logo\":{\"@type\":\"ImageObject\",\"inLanguage\":\"es\",\"@id\":\"https:\/\/topgreen-mallorca.es\/es\/#\/schema\/logo\/image\/\",\"url\":\"https:\/\/topgreen-mallorca.es\/wp-content\/uploads\/2024\/09\/2.png\",\"contentUrl\":\"https:\/\/topgreen-mallorca.es\/wp-content\/uploads\/2024\/09\/2.png\",\"width\":2000,\"height\":1143,\"caption\":\"Top Green Mallorca Kunstrasenprofi\"},\"image\":{\"@id\":\"https:\/\/topgreen-mallorca.es\/es\/#\/schema\/logo\/image\/\"},\"sameAs\":[\"https:\/\/www.facebook.com\/profile.php?id=61564644189398\",\"https:\/\/www.instagram.com\/top_green_mallorca_kunstrasen\/\"]}]}<\/script>\n<!-- \/ Yoast SEO plugin. -->","yoast_head_json":{"title":"Pie de imprenta | Top Green Mallorca Kunstrasenprofi","description":"Royal Grass\u00ae Aura es un c\u00e9sped artificial corto de aspecto denso | Se siente incre\u00edblemente suave al mismo tiempo | \u00a1Cons\u00faltalo ahora!","robots":{"index":"noindex","follow":"follow"},"og_locale":"es_ES","og_type":"article","og_title":"Pie de imprenta | Top Green Mallorca Kunstrasenprofi","og_description":"Royal Grass\u00ae Aura es un c\u00e9sped artificial corto de aspecto denso | Se siente incre\u00edblemente suave al mismo tiempo | \u00a1Cons\u00faltalo ahora!","og_url":"https:\/\/topgreen-mallorca.es\/es\/pie-de-imprenta\/","og_site_name":"Top Green Mallorca Kunstrasenprofi","article_publisher":"https:\/\/www.facebook.com\/profile.php?id=61564644189398","article_modified_time":"2025-06-18T05:08:29+00:00","og_image":[{"url":"https:\/\/topgreen-mallorca.es\/wp-content\/uploads\/2024\/10\/erecht24-siegel-impressum-rot.png","type":"","width":"","height":""}],"twitter_card":"summary_large_image","twitter_misc":{"Tiempo de lectura":"1 minuto"},"schema":{"@context":"https:\/\/schema.org","@graph":[{"@type":"WebPage","@id":"https:\/\/topgreen-mallorca.es\/es\/pie-de-imprenta\/","url":"https:\/\/topgreen-mallorca.es\/es\/pie-de-imprenta\/","name":"Pie de imprenta | Top Green Mallorca Kunstrasenprofi","isPartOf":{"@id":"https:\/\/topgreen-mallorca.es\/es\/#website"},"primaryImageOfPage":{"@id":"https:\/\/topgreen-mallorca.es\/es\/pie-de-imprenta\/#primaryimage"},"image":{"@id":"https:\/\/topgreen-mallorca.es\/es\/pie-de-imprenta\/#primaryimage"},"thumbnailUrl":"https:\/\/topgreen-mallorca.es\/wp-content\/uploads\/2024\/10\/erecht24-siegel-impressum-rot.png","datePublished":"2024-10-19T09:50:26+00:00","dateModified":"2025-06-18T05:08:29+00:00","description":"Royal Grass\u00ae Aura es un c\u00e9sped artificial corto de aspecto denso | Se siente incre\u00edblemente suave al mismo tiempo | \u00a1Cons\u00faltalo ahora!","breadcrumb":{"@id":"https:\/\/topgreen-mallorca.es\/es\/pie-de-imprenta\/#breadcrumb"},"inLanguage":"es","potentialAction":[{"@type":"ReadAction","target":["https:\/\/topgreen-mallorca.es\/es\/pie-de-imprenta\/"]}]},{"@type":"ImageObject","inLanguage":"es","@id":"https:\/\/topgreen-mallorca.es\/es\/pie-de-imprenta\/#primaryimage","url":"https:\/\/topgreen-mallorca.es\/wp-content\/uploads\/2024\/10\/erecht24-siegel-impressum-rot.png","contentUrl":"https:\/\/topgreen-mallorca.es\/wp-content\/uploads\/2024\/10\/erecht24-siegel-impressum-rot.png"},{"@type":"BreadcrumbList","@id":"https:\/\/topgreen-mallorca.es\/es\/pie-de-imprenta\/#breadcrumb","itemListElement":[{"@type":"ListItem","position":1,"name":"Startseite","item":"https:\/\/topgreen-mallorca.es\/es\/"},{"@type":"ListItem","position":2,"name":"Pie de imprenta"}]},{"@type":"WebSite","@id":"https:\/\/topgreen-mallorca.es\/es\/#website","url":"https:\/\/topgreen-mallorca.es\/es\/","name":"Top Green Mallorca Kunstrasenprofi","description":"Ihr Profi f\u00fcr immergr\u00fcnen Rasen","publisher":{"@id":"https:\/\/topgreen-mallorca.es\/es\/#organization"},"potentialAction":[{"@type":"SearchAction","target":{"@type":"EntryPoint","urlTemplate":"https:\/\/topgreen-mallorca.es\/es\/?s={search_term_string}"},"query-input":{"@type":"PropertyValueSpecification","valueRequired":true,"valueName":"search_term_string"}}],"inLanguage":"es"},{"@type":"Organization","@id":"https:\/\/topgreen-mallorca.es\/es\/#organization","name":"Top Green Mallorca Kunstrasenprofi","url":"https:\/\/topgreen-mallorca.es\/es\/","logo":{"@type":"ImageObject","inLanguage":"es","@id":"https:\/\/topgreen-mallorca.es\/es\/#\/schema\/logo\/image\/","url":"https:\/\/topgreen-mallorca.es\/wp-content\/uploads\/2024\/09\/2.png","contentUrl":"https:\/\/topgreen-mallorca.es\/wp-content\/uploads\/2024\/09\/2.png","width":2000,"height":1143,"caption":"Top Green Mallorca Kunstrasenprofi"},"image":{"@id":"https:\/\/topgreen-mallorca.es\/es\/#\/schema\/logo\/image\/"},"sameAs":["https:\/\/www.facebook.com\/profile.php?id=61564644189398","https:\/\/www.instagram.com\/top_green_mallorca_kunstrasen\/"]}]}},"_links":{"self":[{"href":"https:\/\/topgreen-mallorca.es\/es\/wp-json\/wp\/v2\/pages\/1454","targetHints":{"allow":["GET"]}}],"collection":[{"href":"https:\/\/topgreen-mallorca.es\/es\/wp-json\/wp\/v2\/pages"}],"about":[{"href":"https:\/\/topgreen-mallorca.es\/es\/wp-json\/wp\/v2\/types\/page"}],"author":[{"embeddable":true,"href":"https:\/\/topgreen-mallorca.es\/es\/wp-json\/wp\/v2\/users\/1"}],"replies":[{"embeddable":true,"href":"https:\/\/topgreen-mallorca.es\/es\/wp-json\/wp\/v2\/comments?post=1454"}],"version-history":[{"count":9,"href":"https:\/\/topgreen-mallorca.es\/es\/wp-json\/wp\/v2\/pages\/1454\/revisions"}],"predecessor-version":[{"id":1973,"href":"https:\/\/topgreen-mallorca.es\/es\/wp-json\/wp\/v2\/pages\/1454\/revisions\/1973"}],"wp:attachment":[{"href":"https:\/\/topgreen-mallorca.es\/es\/wp-json\/wp\/v2\/media?parent=1454"}],"curies":[{"name":"wp","href":"https:\/\/api.w.org\/{rel}","templated":true}]}}